{"id":5,"date":"2023-04-27T19:51:44","date_gmt":"2023-04-27T19:51:44","guid":{"rendered":"https:\/\/heilpraxis-gabler.de\/?page_id=5"},"modified":"2026-04-25T15:36:46","modified_gmt":"2026-04-25T15:36:46","slug":"craniosacrale-heilpraxis-patricia-gabler","status":"publish","type":"page","link":"https:\/\/heilpraxis-gabler.de\/","title":{"rendered":"Craniosacrale Heilpraxis in Leipzig"},"content":{"rendered":"\n<p>Herzlich Willkommen auf der Website meiner Craniosacralen Heilpraxis. <\/p>\n\n\n\n<p>Die Praxis ist ge\u00f6ffnet und Termine k\u00f6nnen telefonisch vereinbart werden.<\/p>\n\n\n\n<p>Bitte beachten Sie meine Urlaubszeit: 11.05.-17.05.2026. In dieser bin ich nur per E-Mail erreichbar.<\/p>\n\n\n\n<h4 class=\"wp-block-heading has-text-align-center\">Termine nach Vereinbarung<\/h4>\n\n\n\n<p class=\"has-primary-color has-text-color has-link-color wp-elements-7e33f68d3dd51e32df45626fbf9472e6\">Sie erreichen mich zur <mark style=\"background-color:rgba(0, 0, 0, 0)\" class=\"has-inline-color has-primary-color\">Terminabsprache unter 015788411284<\/mark>. Gerne k\u00f6nnen Sie mich auch per SMS kontaktieren und ich rufe Sie zur\u00fcck.&nbsp;<\/p>\n\n\n\n<p>Patricia Gabler<\/p>\n\n\n\n<p>Heilzentrum Aurum<br>Alte Str. 23<br>04229 Leipzig<\/p>\n\n\n\n<p>015788411284 (keine Nutzung von Messenger-Diensten)<\/p>\n\n\n\n<p>E-Mail: patriciagabler(at)posteo.de<\/p>\n\n\n\n<p class=\"has-vivid-cyan-blue-color has-text-color has-link-color wp-elements-05632029db11419b895fe2527d27a9af\"><\/p>\n\n\n\n<h4 class=\"wp-block-heading has-text-align-center\">Erreichbarkeit der Praxis<\/h4>\n\n\n\n<p>Sie erreichen die Praxis Heilzentrum Aurum mit den \u00f6ffentlichen Verkehrsmitteln: Stra\u00dfenbahn 14 (Haltestelle Alte Stra\u00dfe), Stra\u00dfenbahn 3 sowie Bus 74 (Haltestellen Felsenkeller oder Elster-Passage). Falls Sie mit dem Auto sind, planen Sie etwas Zeit f\u00fcr das Finden eines Parkplatzes ein. In der Elsterpassage sind im Parkhaus auch kostenpflichtige Parkpl\u00e4tze verf\u00fcgbar. <\/p>\n\n\n\n<p><\/p>\n\n\n\n<p>Das Heilzentrum Aurum ist eine Gemeinschaftspraxis von Heilpraktikerin Marie Schnack und Patricia Gabler. Seit 2015 haben wir viele Kurse und Einzelbehandlungen in unseren R\u00e4umen angeboten. Informationen zum Angebot von Marie Schnack finden Sie unter: <a href=\"http:\/\/www.heilpraxis-marie-schnack.de\">www.heilpraxis-marie-schnack.de<\/a>.<\/p>\n\n\n\n<p><\/p>\n\n\n\n<figure class=\"wp-block-image aligncenter size-full\"><img loading=\"lazy\" decoding=\"async\" width=\"227\" height=\"320\" src=\"https:\/\/heilpraxis-gabler.de\/wp-content\/uploads\/2025\/04\/IMG_20250315_160546_klein_25.jpg\" alt=\"\" class=\"wp-image-243\" srcset=\"https:\/\/heilpraxis-gabler.de\/wp-content\/uploads\/2025\/04\/IMG_20250315_160546_klein_25.jpg 227w, https:\/\/heilpraxis-gabler.de\/wp-content\/uploads\/2025\/04\/IMG_20250315_160546_klein_25-213x300.jpg 213w\" sizes=\"auto, (max-width: 227px) 100vw, 227px\" \/><\/figure>\n\n\n\n<h4 class=\"wp-block-heading has-text-align-center\">\u00dcber mich als Craniosacral-Therapeutin<\/h4>\n\n\n\n<p>Die Craniosacrale Therapie fasziniert mich seit ich selbst meine erste Craniosacrale Behandlung bekam als ich 20 Jahre alt war. Die feinen Wahrnehmungen in meinem K\u00f6rper w\u00e4hrend der Craniosacralen Behandlung und die Entspannung, welche ich im ganzen K\u00f6rper sp\u00fcrte, beeindruckten mich tief. Die Begeisterung dar\u00fcber behielt ich wie ein besonderes Geschenk in mir und als mein Herzenswunsch st\u00e4rker wurde, als Therapeutin mit meinen H\u00e4nden zu arbeiten, begann ich die Ausbildung zur Craniosacral-Therapeutin und Heilpraktikerin.<\/p>\n\n\n\n<p>Vita:<br>2004-2009: Studium der Erziehungswissenschaften, P\u00e4dagogik, Psychologie, Anglistik an der Universit\u00e4t Leipzig<br>2009-2013: Ausbildung zur Craniosacral-Therapeutin an der Schule f\u00fcr Craniosacrale Biodynamik in Bielefeld<br>2009-2013: Ausbildung zur Heilpraktikerin in Leipzig<br>Januar 2014: Erlaubnis der Aus\u00fcbung der Heilkunde ohne Bestallung nach dem Heilpraktikergesetz, Mitglied im Craniosacral Verband Deutschland (CSVD) e.V.<\/p>\n\n\n\n<p>Weiterbildungen ab 2013\/2014:<\/p>\n\n\n\n<p>Craniosacrale Therapie f\u00fcr Schwangere und Kinder \u2013 Kurse 1 &amp; 2 in Bielefeld, Visceral- Kurs 3 bei Joachim Lichtenberg in T\u00fcbingen<\/p>\n\n\n\n<p>Weiterbildung 2015:&nbsp; Craniosacrale Therapie f\u00fcr Herz und Arterien bei Joachim Lichtenberg in Radebeul<\/p>\n\n\n\n<p>Teilnahme an der Tagung des Craniosacralverband Deutschland e.V. im Oktober 2018 mit vielf\u00e4ltigen Weiterbildungsanteilen zur Craniosacralen Therapie<\/p>\n\n\n\n<p>Weiterbildungen 2018\/2019: \u201eModul Kopf\u201c im November 2018, \u201eModul Kiefer und Gesicht\u201c im Januar 2019 in der Akademie f\u00fcr Cranio-Sacral-Therapie-Magdeburg<\/p>\n\n\n\n<p>Weiterbildung \u201eHirn &amp; Stille\u201c im April 2019 bei Joachim Lichtenberg in Radebeul<\/p>\n\n\n\n<p>Weiterbildung \u201eHirnnervenbehandlung\u201c im Juni 2019, \u201eBiodynamik 1\u201c im August 2019 und \u201eBiodynamik 2\u201c im Januar 2020 in der Akademie f\u00fcr Cranio-Sacral-Therapie-Magdeburg<\/p>\n\n\n\n<p>Teilnahme am Kongress des \u201eVerband der Upledger CranioSacral TherapeutInnen Deutschland e. V.\u201c mit dem Thema \u201eTherapieans\u00e4tze in der Pr\u00e4- und Perinatalen Kindesentwicklung\u201c im September 2019<\/p>\n\n\n\n<p>Teilnahme an der Tagung des Craniosacralverband Deutschland e.V. im Oktober 2019 mit vielf\u00e4ltigen Weiterbildungsanteilen zur Craniosacralen Therapie<\/p>\n\n\n\n<p>Weiterbildung \u201eVegetatives Nervensystem\u201c im Oktober 2019 in der Akademie f\u00fcr Cranio-Sacral-Therapie-Magdeburg<\/p>\n\n\n\n<p>Von Januar 2019 bis Juni 2020 habe ich als Assistentin den Cranio-Sacral-Grundausbildungskurs in der Akademie f\u00fcr Cranio-Sacral-Therapie-Magdeburg begleitet.<\/p>\n\n\n\n<p>Teilnahme am Kurs &#8222;Hirn und Augen&#8220; bei Joachim Lichtenberg in Bielefeld im Februar 2023<\/p>\n\n\n\n<p>Teilnahme an der Tagung des Craniosacralverband Deutschland e.V. vom 06.-08.10.2023 mit vielf\u00e4ltigen Weiterbildungsanteilen zur Craniosacralen Therapie<\/p>\n\n\n\n<p>Teilnahme an der Weiterbildung &#8222;Lymphe, Blut und Herzspirale&#8220; bei Santosh Claudia Weber 17.11.-20.11.2023 in Ratingen<\/p>\n\n\n\n<p>Teilnahme an der Tagung des Craniosacralverband Deutschland e.V. vom 11.10.-13.10.2024 mit vielf\u00e4ltigen Weiterbildungsanteilen<\/p>\n\n\n\n<p>Teilnahme am Kurs &#8222;Die Quellen ganzheitlicher Gesundheit &#8211; Fl\u00fcssige Felder und embryonale Organisationsmuster&#8220; bei Michael Kern B.C.S.T., D.O., A.B.D., N.D. in Berlin vom 24.10.-27.10.2024<\/p>\n\n\n\n<p>Teilnahme an der Tagung des Craniosacralverband Deutschland e.V. vom 10.10.-12.10.2025 mit vielf\u00e4ltigen Weiterbildungsanteilen<\/p>\n\n\n\n<p>Teilnahme am Craniosacralen Kurs &#8222;Biodynamik des Lebens und Sterbens&#8220; bei Michael Kern B.C.S.T., D.O., A.B.D., N.D. in Berlin vom 20.11.-23.11.2025<\/p>\n\n\n\n<p>Teilnahme am Kurs &#8222;Hirn und Gem\u00fct&#8220; bei Joachim Lichtenberg in T\u00fcbingen vom 12.02.-15.02.2026<\/p>\n\n\n\n<p>Teilnahme am Kurs KID-SK 2: &#8222;S\u00e4uglinge und Kleinkinder in der Craniosacralen Praxis&#8220; bei Karen Sippl-Spradley in Rohrbach\/Ilm vom 26.02.-01.03.2026<\/p>\n\n\n\n<p>Seit 20 Jahren besch\u00e4ftigte ich mich unter anderem mit den folgenden Themen und Therapiemethoden:<\/p>\n\n\n\n<ul class=\"wp-block-list\">\n<li>Autogenes Training<\/li>\n\n\n\n<li>Affirmationen<\/li>\n\n\n\n<li>Craniosacral-Therapie f\u00fcr Erwachsene und Kinder<\/li>\n\n\n\n<li>Fu\u00dfmassage<\/li>\n\n\n\n<li>Gespr\u00e4chstherapie und Kommunikationstraining<\/li>\n\n\n\n<li>Hom\u00f6opathie<\/li>\n\n\n\n<li>Meridian-Energie-Technik<\/li>\n\n\n\n<li>Therapien f\u00fcr S\u00e4uglinge und Kleinkinder<\/li>\n\n\n\n<li>W\u00fcnschen und Visualisierung von individuellen Zielen<\/li>\n\n\n\n<li>Anwendung von Erkenntnissen der Polyvagaltheorie in der Praxis<\/li>\n<\/ul>\n\n\n\n<p><\/p>\n\n\n\n<figure class=\"wp-block-image aligncenter size-full\"><img loading=\"lazy\" decoding=\"async\" width=\"225\" height=\"300\" src=\"https:\/\/heilpraxis-gabler.de\/wp-content\/uploads\/2023\/04\/BehandlungsbildWebsite-225x300-1.jpg\" alt=\"\" class=\"wp-image-30\"\/><\/figure>\n\n\n\n<h4 class=\"wp-block-heading has-text-align-center\">Craniosacrale Behandlung f\u00fcr Erwachsene und Kinder<\/h4>\n\n\n\n<p>Die Craniosacrale Behandlung ist eine sehr sanfte, manuelle Form der K\u00f6rperarbeit, welche zu tiefer Entspannung f\u00fchren und zur Neuorientierung des K\u00f6rpers beitragen kann. Sie f\u00f6rdert die Selbstregulationsf\u00e4higkeit des K\u00f6rpers und st\u00e4rkt das Immunsystem. Gearbeitet wird im Liegen, wobei der ganze K\u00f6rper bedacht wird mit Schwerpunkt auf dem Sch\u00e4del (Cranium) und dem Kreuzbein (Sacrum). Bei der Behandlung wird der Craniosacrale Rhythmus ertastet. Dieser ist \u00e4hnlich wie der Herzschlag und der Atemrhythmus notwendig f\u00fcr unser Leben und f\u00fcr ge\u00fcbte H\u00e4nde am ganzen K\u00f6rper tastbar. Bei Blockaden oder Traumen kann der Craniosacrale Rhythmus eingeschr\u00e4nkt oder ver\u00e4ndert sein. Er dient somit auch als Diagnose-Instrument zum Auffinden von St\u00f6rungen im K\u00f6rper.&nbsp; Durch eine achtsame Einladung zur Ver\u00e4nderung k\u00f6nnen sich die betroffenen Strukturen entspannen und die Selbstheilungskr\u00e4fte aktiviert werden.<\/p>\n\n\n\n<p>Ich arbeite sowohl mit Erwachsenen in Einzelsitzungen, als auch mit Kindern jeden Alters und deren Eltern zusammen und freue mich \u00fcber lebendige Begegnungen. Die Sitzungen f\u00fcr Kinder sind ca. 45 Minuten bis maximal eine Stunde lang und ich orientiere mich an den Bed\u00fcrfnissen der Kinder und ihrer Bereitschaft mitzuwirken. Mindestens drei Sitzungen sind empfehlenswert. Den Behandlungsraum gestalte ich bei Kinderbehandlungen um, so dass die Kinder sich frei bewegen k\u00f6nnen. Wenn Sie Fragen zum Ablauf einer Cranio-Sitzung f\u00fcr sich oder f\u00fcr Ihr Kind haben, kann ich Ihnen diese vor der Behandlung gerne am Telefon beantworten.<\/p>\n\n\n\n<p><\/p>\n\n\n\n<h4 class=\"wp-block-heading has-text-align-center\">Preise, Behandlungszeiten und Behandlungskosten<\/h4>\n\n\n\n<p>Eine Craniosacrale Behandlung dauert in der Regel zwischen 1 bis 1,5&nbsp; Stunden. F\u00fcr die erste Behandlung planen Sie bitte 1,5 &nbsp;bis 2 Stunden ein. Absprachen zur Behandlungsdauer k\u00f6nnen vor der Behandlung telefonisch stattfinden. <\/p>\n\n\n\n<p>Craniosacrale Behandlung Preise:<\/p>\n\n\n\n<p>1 Stunde &nbsp; &nbsp; &nbsp; &nbsp; &nbsp; &nbsp; &nbsp; &nbsp; 90 Euro<\/p>\n\n\n\n<p>1 1\/4 Stunden &nbsp; &nbsp; &nbsp;110 Euro &nbsp;<\/p>\n\n\n\n<p>1 1\/2 &nbsp;Stunden &nbsp; &nbsp; 120 Euro<\/p>\n\n\n\n<p>1 3\/4 Stunden &nbsp; &nbsp; &nbsp;140 Euro<\/p>\n\n\n\n<p>2 Stunden &nbsp; &nbsp; &nbsp; &nbsp; &nbsp; &nbsp; 160 Euro<\/p>\n\n\n\n<p><strong>Bitte beachten Sie, dass die vereinbarten Termine verbindlich sind<\/strong>. Sollten Sie verhindert sein, bitte ich Sie um eine rechtzeitige <mark style=\"background-color:rgba(0, 0, 0, 0)\" class=\"has-inline-color has-primary-color\">telefonische Absage <strong>(b<\/strong><\/mark><strong><mark style=\"background-color:rgba(0, 0, 0, 0)\" class=\"has-inline-color has-primary-color\">is 24 Stunden vor dem Termin)<\/mark><\/strong> unter der Telefonnummer<strong>015788411284<\/strong>. Wenn Sie keine andere Person als Vertretung finden, welche den Termin an Ihrer statt nutzen m\u00f6chte, und <strong>Sie den Termin nicht absagen und nicht wahrnehmen, werden Ihnen 90 Euro in Rechnung gestellt<\/strong>.<\/p>\n\n\n\n<h4 class=\"wp-block-heading has-text-align-center\">Bezahlung<\/h4>\n\n\n\n<p>Die Zahlung der Behandlungskosten erfolgt in bar direkt nach der Sitzung. Eine Rechnungsquittung wird ausgestellt bzw. zugesandt.<\/p>\n\n\n\n<p>Einige Krankenkassen erstatten anteilig die Kosten f\u00fcr die Craniosacrale Behandlung mit einem Empfehlungsschreiben eines Arztes, dessen Datum <strong>vor<\/strong> der ersten Craniosacralen Behandlung liegt, da diese ein Teilbereich der Osteopathie ist. Genauere Informationen und&nbsp; welche Krankenkassen anteilig die Craniosacrale Behandlung unterst\u00fctzen, k\u00f6nnen Sie einfach bei mir telefonisch&nbsp;erfragen.<\/p>\n\n\n\n<p>Heilpraktikerzusatzversicherungen k\u00f6nnen individuell von Ihnen abgeschlossen werden und ebenfalls zu einer anteiligen  R\u00fcckerstattung der Behandlungskosten in Anspruch genommen werden. Die Abrechnung erfolgt \u00fcber die Geb\u00fchrenordnung f\u00fcr Heilpraktiker und somit werden die Rechnungen von den Zusatzversicherungen anerkannt. <\/p>\n\n\n\n<h4 class=\"wp-block-heading has-text-align-center\">Supervision<\/h4>\n\n\n\n<p>Ich biete Supervisionssitzungen f\u00fcr angehende Craniosacraltherapeut\/Innen in meiner Praxis an. Voraussetzung f\u00fcr die Supervisionszusammenarbeit ist die regelm\u00e4\u00dfige Teilnahme an Kursen und Workshops zur Craniosacralen Ausbildung. Die Supervisionskosten sind 110,00 Euro f\u00fcr 60 Minuten, 140,00 Euro f\u00fcr 90 Minuten und 185,00 Euro f\u00fcr 120 Minuten.<\/p>\n\n\n\n<p>Ich vermittle auch Kontakte zwischen Craniosacral &#8211; Auszubildenden, die \u00dcbungspartner\/Innen suchen und biete bei reger Nachfrage Craniosacrale \u00dcbungstage in kleinen Gruppen in unserer Praxis an. Bei Fragen dazu k\u00f6nnen Sie sich telefonisch bei mir melden.<\/p>\n\n\n\n<p><\/p>\n\n\n\n<h4 class=\"wp-block-heading has-text-align-center\">Gutscheine<\/h4>\n\n\n\n<p>Gerne k\u00f6nnen Sie einen Gutschein f\u00fcr eine Craniosacrale Behandlung bei mir erwerben und verschenken. Ein Gutschein kostet 95 Euro f\u00fcr eine Stunde, 125 Euro f\u00fcr 1,5 Stunden und wird per Post zugesandt nach erhaltener Zahlung. Er ist drei Jahre g\u00fcltig ab Ausstellungsdatum.<\/p>\n\n\n\n<p><em><strong>Cranio- Selbstbehandlungs- und Grundlagenkurs<\/strong><\/em> <strong>2 <\/strong><em><strong>f\u00fcr interessierte SelbstanwenderInnen im September 2026 im Heilzentrum Aurum<\/strong><\/em><\/p>\n\n\n\n<p>In diesem Kurs vermittle ich Craniosacrale Behandlungsgrundlagen und es wird viel praktisch ge\u00fcbt (f\u00fcr sich selbst und zusammen mit den anderen<br>TeilnehmerInnen im Kurs).<\/p>\n\n\n\n<p>Der Kurs geht \u00fcber drei Tage:<br>Freitag, den 11.09.2026 von 16 -19.30 Uhr<br>Samstag, den 12.09.2026 von 10.30 -18.30 Uhr<br>Sonntag, den 13.09.2026 von 10.30 -15.00 Uhr (nat\u00fcrlich mit Pausen)<\/p>\n\n\n\n<p>Kosten: 520,00 Euro (Erm\u00e4\u00dfigung auf Anfrage) Anzahl der TeilnehmerInnen: 8<\/p>\n\n\n\n<p>Ort: Heilzentrum Aurum, Alte Str. 23, 04229 Leipzig        Leitung: Patricia Gabler<\/p>\n\n\n\n<p>Inhalte des Kurses:<\/p>\n\n\n\n<p>Anatomische Grundlagen \/Liquorzirkulation\/ Grundlagen: erste embryonale Entwicklungsstadien<\/p>\n\n\n\n<p>Elemente Craniosacraler Grundbehandlung in Theorie und Praxis mit biodynamischem Behandlungsansatz<\/p>\n\n\n\n<p>(inkl. PartnerInnen\u00fcbungen an der Liege mit anderen KursteilnehmerInnen)<\/p>\n\n\n\n<p>Erkl\u00e4rung und \u00dcbungen zum Stillpunkt, Wahrnehmungsfeldern und Rhythmen<\/p>\n\n\n\n<p>Craniosacrale Behandlungstechniken: <\/p>\n\n\n\n<p>u.a. Arbeiten in Seitlage, verbale Begleitung beim Arbeiten, Behandlung von Strukturen in der Transversalebene, Behandlung vom Herzen sowie Strukturen am Kopf, einfache Selbstbehandlungstechniken<\/p>\n\n\n\n<p>\u00dcbungen zur Zentrierung, Wahrnehmungs\u00fcbungen<\/p>\n\n\n\n<p>Voraussetzung f\u00fcr den Kurs sind: Teilnahme an mindestens einem Craniosacralen Ausbildungsmodul (z.B. Cranio 1) mit ersten Grundlagen und praktischen \u00dcbungen und Selbsterfahrung einer Craniosacralen Behandlung bei einer\/einem Craniosacraltherapeut\/in<\/p>\n\n\n\n<p><em>Anmeldung bitte schriftlich an mich mit Nennung Ihrer Telefonnummer zur Absprache und Ihrer Adresse. Danke. E-Mail: patriciagabler(at)posteo.de<\/em><\/p>\n\n\n\n<p>Bei Fragen zum Kurs bin ich erreichbar unter 015788411284.<\/p>\n\n\n\n<p>Ich freue mich auf ein cranio-erfahrungs-lernfreudiges Miteinander.<\/p>\n\n\n\n<p>Patricia Gabler<\/p>\n\n\n\n<figure class=\"wp-block-image size-large\"><img loading=\"lazy\" decoding=\"async\" width=\"1024\" height=\"574\" src=\"https:\/\/heilpraxis-gabler.de\/wp-content\/uploads\/2023\/04\/DSCI07401-1024x574.jpg\" alt=\"\" class=\"wp-image-98\" srcset=\"https:\/\/heilpraxis-gabler.de\/wp-content\/uploads\/2023\/04\/DSCI07401-1024x574.jpg 1024w, https:\/\/heilpraxis-gabler.de\/wp-content\/uploads\/2023\/04\/DSCI07401-300x168.jpg 300w, https:\/\/heilpraxis-gabler.de\/wp-content\/uploads\/2023\/04\/DSCI07401-768x431.jpg 768w, https:\/\/heilpraxis-gabler.de\/wp-content\/uploads\/2023\/04\/DSCI07401-1536x861.jpg 1536w, https:\/\/heilpraxis-gabler.de\/wp-content\/uploads\/2023\/04\/DSCI07401-2048x1149.jpg 2048w\" sizes=\"auto, (max-width: 1024px) 100vw, 1024px\" \/><\/figure>\n\n\n\n<h4 class=\"wp-block-heading has-text-align-center\">Impressum<\/h4>\n\n\n\n<p>Angaben gem\u00e4\u00df \u00a7 5 TMG:<\/p>\n\n\n\n<p>Patricia Gabler<br>Heilpraktikerin<br>Alte Str. 23<br>04229 Leipzig<\/p>\n\n\n\n<p>Kontakt:<\/p>\n\n\n\n<p>Telefon:<br>01578 8411284<br>&nbsp;<\/p>\n\n\n\n<p>E-Mail:<br>patriciagabler(at)posteo.de<\/p>\n\n\n\n<p>Aufsichtsbeh\u00f6rde:<br>Gesundheitsamt Leipzig, Abteilung Medizinalaufsicht,<br>Friedrich-Ebert-Str. 19a, 04109 Leipzig<\/p>\n\n\n\n<p>Berufsbezeichnung:<br>Heilpraktikerin<\/p>\n\n\n\n<p>Verantwortlich f\u00fcr den Inhalt nach \u00a7 55 Abs. 2 RStV:<br>Patricia Gabler (Anschrift wie oben)<\/p>\n\n\n\n<p>Haftungsausschluss:<\/p>\n\n\n\n<p>Haftung f\u00fcr Inhalte<br>Als Diensteanbieter sind wir gem\u00e4\u00df \u00a7 7 Abs.1 TMG f\u00fcr eigene Inhalte auf diesen Seiten nach den allgemeinen Gesetzen verantwortlich. Nach \u00a7\u00a7 8 bis 10 TMG sind wir als Diensteanbieter jedoch nicht verpflichtet, \u00fcbermittelte oder gespeicherte fremde Informationen zu \u00fcberwachen oder nach Umst\u00e4nden zu forschen, die auf eine rechtswidrige T\u00e4tigkeit hinweisen. Verpflichtungen zur Entfernung oder Sperrung der Nutzung von Informationen nach den allgemeinen Gesetzen bleiben hiervon unber\u00fchrt. Eine diesbez\u00fcgliche Haftung ist jedoch erst ab dem Zeitpunkt der Kenntnis einer konkreten Rechtsverletzung m\u00f6glich. Bei Bekanntwerden von entsprechenden Rechtsverletzungen werden wir diese Inhalte umgehend entfernen.<\/p>\n\n\n\n<p>Haftung f\u00fcr Links<br>Unser Angebot enth\u00e4lt Links zu externen Webseiten Dritter, auf deren Inhalte wir keinen Einfluss haben. Deshalb k\u00f6nnen wir f\u00fcr diese fremden Inhalte auch keine Gew\u00e4hr \u00fcbernehmen. F\u00fcr die Inhalte der verlinkten Seiten ist stets der jeweilige Anbieter oder Betreiber der Seiten verantwortlich. Die verlinkten Seiten wurden zum Zeitpunkt der Verlinkung auf m\u00f6gliche Rechtsverst\u00f6\u00dfe \u00fcberpr\u00fcft. Rechtswidrige Inhalte waren zum Zeitpunkt der Verlinkung nicht erkennbar. Eine permanente inhaltliche Kontrolle der verlinkten Seiten ist jedoch ohne konkrete Anhaltspunkte einer Rechtsverletzung nicht zumutbar. Bei Bekanntwerden von Rechtsverletzungen werden wir derartige Links umgehend entfernen.<\/p>\n\n\n\n<p>Urheberrecht<br>Die durch die Seitenbetreiber erstellten Inhalte und Werke auf diesen Seiten unterliegen dem deutschen Urheberrecht. Die Vervielf\u00e4ltigung, Bearbeitung, Verbreitung und jede Art der Verwertung au\u00dferhalb der Grenzen des Urheberrechtes bed\u00fcrfen der schriftlichen Zustimmung des jeweiligen Autors bzw. Erstellers. Downloads und Kopien dieser Seite sind nur f\u00fcr den privaten, nicht kommerziellen Gebrauch gestattet. Soweit die Inhalte auf dieser Seite nicht vom Betreiber erstellt wurden, werden die Urheberrechte Dritter beachtet. Insbesondere werden Inhalte Dritter als solche gekennzeichnet. Sollten Sie trotzdem auf eine Urheberrechtsverletzung aufmerksam werden, bitten wir um einen entsprechenden Hinweis. Bei Bekanntwerden von Rechtsverletzungen werden wir derartige Inhalte umgehend entfernen.<\/p>\n\n\n\n<p>Quellenangaben: <a href=\"http:\/\/www.e-recht24.de\/muster-disclaimer.htm\" target=\"_blank\" rel=\"noreferrer noopener\">Disclaimer<\/a> von eRecht24, dem Portal zum Internetrecht von Rechtsanwalt S\u00f6ren Siebert, <a href=\"http:\/\/www.e-recht24.de\/impressum-generator.html\" target=\"_blank\" rel=\"noreferrer noopener\">www.e-recht24.de<\/a><\/p>\n\n\n\n<p><strong>Datenschutzerkl\u00e4rung<\/strong><\/p>\n\n\n\n<p>Verantwortliche Stelle im Sinne der Datenschutzgesetze, insbesondere der EU-Datenschutzgrundverordnung (DSGVO), ist:<\/p>\n\n\n\n<p>Patricia Gabler<\/p>\n\n\n\n<p>Alte Stra\u00dfe 23<\/p>\n\n\n\n<p>04229 Leipzig<\/p>\n\n\n\n<p>Ihre Betroffenenrechte<\/p>\n\n\n\n<p>Unter den angegebenen Kontaktdaten unseres Datenschutzbeauftragten k\u00f6nnen Sie&nbsp;jederzeit folgende Rechte aus\u00fcben:<\/p>\n\n\n\n<ul class=\"wp-block-list\">\n<li>Auskunft \u00fcber Ihre bei uns gespeicherten Daten und deren Verarbeitung,<\/li>\n\n\n\n<li>Berichtigung unrichtiger personenbezogener Daten,<\/li>\n\n\n\n<li>L\u00f6schung Ihrer bei uns gespeicherten Daten,<\/li>\n\n\n\n<li>Einschr\u00e4nkung der Datenverarbeitung, sofern wir Ihre Daten aufgrund gesetzlicher Pflichten noch nicht l\u00f6schen d\u00fcrfen,<\/li>\n\n\n\n<li>Widerspruch gegen die Verarbeitung Ihrer Daten bei uns und<\/li>\n\n\n\n<li>Daten\u00fcbertragbarkeit, sofern Sie in die Datenverarbeitung eingewilligt haben oder einen Vertrag mit uns abgeschlossen haben.<\/li>\n<\/ul>\n\n\n\n<p>Sofern Sie uns eine Einwilligung erteilt haben, k\u00f6nnen Sie diese jederzeit mit Wirkung f\u00fcr die Zukunft widerrufen.<\/p>\n\n\n\n<p>Sie k\u00f6nnen sich jederzeit mit einer Beschwerde an die f\u00fcr Sie zust\u00e4ndige Aufsichtsbeh\u00f6rde wenden. Ihre zust\u00e4ndige Aufsichtsbeh\u00f6rde richtet sich nach dem Bundesland Ihres Wohnsitzes, Ihrer Arbeit oder der mutma\u00dflichen Verletzung. Eine Liste der Aufsichtsbeh\u00f6rden (f\u00fcr den nicht\u00f6ffentlichen Bereich) mit Anschrift finden Sie unter:&nbsp;<a href=\"https:\/\/www.bfdi.bund.de\/DE\/Infothek\/Anschriften_Links\/anschriften_links-node.html\" target=\"_blank\" rel=\"noreferrer noopener\">https:\/\/www.bfdi.bund.de\/DE\/Infothek\/Anschriften_Links\/anschriften_links-node.html<\/a>.<\/p>\n\n\n\n<p>Zwecke der Datenverarbeitung durch die verantwortliche Stelle und Dritte<\/p>\n\n\n\n<p>Wir verarbeiten Ihre personenbezogenen Daten nur zu den in dieser Datenschutzerkl\u00e4rung genannten Zwecken. Eine \u00dcbermittlung Ihrer pers\u00f6nlichen Daten an Dritte zu anderen als den genannten Zwecken findet nicht statt. Wir geben Ihre pers\u00f6nlichen Daten nur an Dritte weiter, wenn:<\/p>\n\n\n\n<ul class=\"wp-block-list\">\n<li>Sie Ihre ausdr\u00fcckliche Einwilligung dazu erteilt haben,<\/li>\n\n\n\n<li>die Verarbeitung zur Abwicklung eines Vertrags mit Ihnen erforderlich ist,<\/li>\n\n\n\n<li>die Verarbeitung zur Erf\u00fcllung einer rechtlichen Verpflichtung erforderlich ist,<\/li>\n<\/ul>\n\n\n\n<p>die Verarbeitung zur Wahrung berechtigter Interessen erforderlich ist und kein Grund zur Annahme besteht, dass Sie ein \u00fcberwiegendes schutzw\u00fcrdiges Interesse an der Nichtweitergabe Ihrer Daten haben.<\/p>\n\n\n\n<p>L\u00f6schung bzw. Sperrung der Daten<\/p>\n\n\n\n<p>Wir halten uns an die Grunds\u00e4tze der Datenvermeidung und Datensparsamkeit. Wir speichern Ihre personenbezogenen Daten daher nur so lange, wie dies zur Erreichung der hier genannten Zwecke erforderlich ist oder wie es die vom Gesetzgeber vorgesehenen vielf\u00e4ltigen Speicherfristen vorsehen. Nach Fortfall des jeweiligen Zweckes bzw. Ablauf dieser Fristen werden die entsprechenden Daten routinem\u00e4\u00dfig und entsprechend den gesetzlichen Vorschriften gesperrt oder gel\u00f6scht.<\/p>\n\n\n\n<p>SSL-Verschl\u00fcsselung<\/p>\n\n\n\n<p>Um die Sicherheit Ihrer Daten bei der \u00dcbertragung zu sch\u00fctzen, verwenden wir dem aktuellen Stand der Technik entsprechende Verschl\u00fcsselungsverfahren (z. B. SSL) \u00fcber HTTPS.<\/p>\n\n\n\n<p>Kontaktformular<\/p>\n\n\n\n<p>Treten Sie bzgl. Fragen jeglicher Art per E-Mail oder Kontaktformular mit uns in Kontakt, erteilen Sie uns zum Zwecke der Kontaktaufnahme Ihre freiwillige Einwilligung. Hierf\u00fcr ist die Angabe einer validen E-Mail-Adresse erforderlich. Diese dient der Zuordnung der Anfrage und der anschlie\u00dfenden Beantwortung derselben. Die Angabe weiterer Daten ist optional. Die von Ihnen gemachten Angaben werden zum Zwecke der Bearbeitung der Anfrage sowie f\u00fcr m\u00f6gliche Anschlussfragen gespeichert. Nach Erledigung der von Ihnen gestellten Anfrage werden personenbezogene Daten automatisch gel\u00f6scht.<\/p>\n\n\n\n<p><strong>\u00c4nderung unserer Datenschutzbestimmungen<\/strong><\/p>\n\n\n\n<p>Wir behalten uns vor, diese Datenschutzerkl\u00e4rung anzupassen, damit sie stets den aktuellen rechtlichen Anforderungen entspricht oder um \u00c4nderungen unserer Leistungen in der Datenschutzerkl\u00e4rung umzusetzen, z.B. bei der Einf\u00fchrung neuer Services. F\u00fcr Ihren erneuten Besuch gilt dann die neue Datenschutzerkl\u00e4rung.<\/p>\n\n\n\n<p><strong>Fragen an den Datenschutzbeauftragten<\/strong><\/p>\n\n\n\n<p>Wenn Sie Fragen zum Datenschutz haben, schreiben Sie uns bitte eine E-Mail oder wenden Sie sich direkt an die f\u00fcr den Datenschutz verantwortliche Person in unserer Organisation:<\/p>\n\n\n\n<p>Patricia Gabler<\/p>\n\n\n\n<p>Alte Str. 23<\/p>\n\n\n\n<p>04229 Leipzig<\/p>\n\n\n\n<p>patriciagabler(at)posteo.de<\/p>\n\n\n\n<p><em>Die Datenschutzerkl\u00e4rung wurde mit dem&nbsp;<a href=\"https:\/\/www.activemind.de\/datenschutz\/datenschutzhinweis-generator\/\" target=\"_blank\" rel=\"noreferrer noopener\">Datenschutzerkl\u00e4rungs-Generator der activeMind AG erstellt<\/a>.<\/em><\/p>\n\n\n\n<p>Die Nutzung dieser Webseite ist in der Regel ohne Angabe personenbezogener Daten m\u00f6glich.<\/p>\n\n\n\n<p>Der Nutzung von im Rahmen der Impressumspflicht ver\u00f6ffentlichten Kontaktdaten durch Dritte zur \u00dcbersendung von nicht ausdr\u00fccklich angeforderter Werbung und Informationsmaterialien wird hiermit ausdr\u00fccklich widersprochen. Die Betreiber der Seiten behalten sich ausdr\u00fccklich rechtliche Schritte im Falle der unverlangten Zusendung von Werbeinformationen, etwa durch Spam-Mails, vor.<\/p>\n\n\n\n<p>Quellenangaben: <a href=\"http:\/\/www.e-recht24.de\/muster-disclaimer.htm\" target=\"_blank\" rel=\"noreferrer noopener\">Disclaimer<\/a> von eRecht24, dem Portal zum Internetrecht von Rechtsanwalt S\u00f6ren Siebert, <a href=\"http:\/\/www.e-recht24.de\/impressum-generator.html\" target=\"_blank\" rel=\"noreferrer noopener\">www.e-recht24.de<\/a><\/p>\n","protected":false},"excerpt":{"rendered":"<p>Herzlich Willkommen auf der Website meiner Craniosacralen Heilpraxis. Die Praxis ist ge\u00f6ffnet und Termine k\u00f6nnen telefonisch vereinbart werden. Bitte beachten Sie meine Urlaubszeit: 11.05.-17.05.2026. In dieser bin ich nur per E-Mail erreichbar. Termine nach Vereinbarung Sie erreichen mich zur Terminabsprache unter 015788411284. Gerne k\u00f6nnen Sie mich auch per SMS kontaktieren und ich rufe Sie zur\u00fcck.&nbsp; [&hellip;]<\/p>\n","protected":false},"author":1,"featured_media":76,"parent":0,"menu_order":1,"comment_status":"closed","ping_status":"closed","template":"","meta":{"footnotes":""},"class_list":["post-5","page","type-page","status-publish","has-post-thumbnail","hentry"],"_links":{"self":[{"href":"https:\/\/heilpraxis-gabler.de\/index.php?rest_route=\/wp\/v2\/pages\/5","targetHints":{"allow":["GET"]}}],"collection":[{"href":"https:\/\/heilpraxis-gabler.de\/index.php?rest_route=\/wp\/v2\/pages"}],"about":[{"href":"https:\/\/heilpraxis-gabler.de\/index.php?rest_route=\/wp\/v2\/types\/page"}],"author":[{"embeddable":true,"href":"https:\/\/heilpraxis-gabler.de\/index.php?rest_route=\/wp\/v2\/users\/1"}],"replies":[{"embeddable":true,"href":"https:\/\/heilpraxis-gabler.de\/index.php?rest_route=%2Fwp%2Fv2%2Fcomments&post=5"}],"version-history":[{"count":183,"href":"https:\/\/heilpraxis-gabler.de\/index.php?rest_route=\/wp\/v2\/pages\/5\/revisions"}],"predecessor-version":[{"id":313,"href":"https:\/\/heilpraxis-gabler.de\/index.php?rest_route=\/wp\/v2\/pages\/5\/revisions\/313"}],"wp:featuredmedia":[{"embeddable":true,"href":"https:\/\/heilpraxis-gabler.de\/index.php?rest_route=\/wp\/v2\/media\/76"}],"wp:attachment":[{"href":"https:\/\/heilpraxis-gabler.de\/index.php?rest_route=%2Fwp%2Fv2%2Fmedia&parent=5"}],"curies":[{"name":"wp","href":"https:\/\/api.w.org\/{rel}","templated":true}]}}